{"id":1651,"date":"2018-09-11T08:20:40","date_gmt":"2018-09-11T08:20:40","guid":{"rendered":"http:\/\/helvetas-ks.org\/demos\/?page_id=1651"},"modified":"2020-03-16T16:30:32","modified_gmt":"2020-03-16T16:30:32","slug":"donator-partner-za-sprovodenje","status":"publish","type":"page","link":"https:\/\/helvetas-ks.org\/demos_two\/sr\/o-demos-u\/donator-partner-za-sprovodenje\/","title":{"rendered":"Donator &#038; Partner za sprovo\u0111enje"},"content":{"rendered":"<p><strong>Donator<\/strong><\/p>\n<p>\u0160vajcarska agencija za razvoj i saradnju (SDC) je centar nadle\u017enosti za me\u0111unarodnu saradnju \u0161vajcarske vlade. SDC je odgovoran za razvojnu saradnju sa jugom i istokom, multilateralnu saradnju, kao i za humanitarnu pomo\u0107 \u0160vajcarske.<\/p>\n<p>Po\u010dev\u0161i od humanitarne pomo\u0107i 1998., saradnja \u0160vajcarske sa Kosovom se sve vi\u0161e preusmeravala na podr\u0161ku tranzicionim procesima. Op\u0161ti cilj \u0161vajcarskog programa je da doprinese napretku Kosova na putu ka regionalnim i evropskim integracijama, mirnom i kohezivnom dru\u0161tvu, obezbe\u0111uju\u0107i inkluzivan pristup osnovnim uslugama, vladavini prava i socijalnoj tr\u017ei\u0161noj ekonomiji.<\/p>\n<p>Link\u00a0<a href=\"https:\/\/www.eda.admin.ch\/pristina\">https:\/\/www.eda.admin.ch\/pristina<\/a><\/p>\n<hr \/>\n<p>&nbsp;<\/p>\n<p>Op\u0161ti cilj \u0160vedske saradnje sa reformom Kosova je olak\u0161avanje integracije u EU i razvoj tr\u017ei\u0161ne privrede, pobolj\u0161anje uslova \u017eivota ljudi i smanjenje siroma\u0161tva. Podr\u0161ka se fokusira na reforme i ja\u010danje javnih institucija, podr\u017eavaju\u0107i i doprinose\u0107i pluralisti\u010dkom civilnom dru\u0161tvu, rodnoj ravnopravnosti i po\u0161tovanju ljudskih prava kao i odr\u017eivom razvoju \u017eivotne sredine. \u0160vedska je jedan od pet najve\u0107ih donatora na Kosovu.<\/p>\n<p><a href=\"https:\/\/www.swedenabroad.se\/en\/embassies\/kosovo-pristina\/\">https:\/\/www.swedenabroad.se\/en\/embassies\/kosovo-pristina\/<\/a><\/p>\n<p><a href=\"https:\/\/twitter.com\/SwedeninKosovo\">https:\/\/twitter.com\/SwedeninKosovo<\/a><\/p>\n<p><a href=\"https:\/\/www.instagram.com\/swedeninkosovo\/\">https:\/\/www.instagram.com\/swedeninkosovo\/<\/a><\/p>\n<p><a href=\"https:\/\/www.facebook.com\/EmbassyofSwedeninPristina\/\">https:\/\/www.facebook.com\/EmbassyofSwedeninPristina\/<\/a><\/p>\n<hr \/>\n<p>&nbsp;<\/p>\n<p>Kraljevska ambasada Norve\u0161ke u Pri\u0161tini otvorena je u oktobru 2008. Ambasada je tako\u0111e akreditovana za Republiku Albaniju.<\/p>\n<p>Razvojna saradnja<\/p>\n<p>Norve\u0161ka je pru\u017eala opse\u017enu razvojnu pomo\u0107 Kosovu od kraja devedesetih godina. Iako je ve\u0107i deo rane pomo\u0107i bio humanitarnog karaktera, vezan za izgradnju posle rata na Kosovu 1998-99, Norve\u0161ka je od tada podr\u017eavala aktivnosti u okviru obrazovanja, borbe protiv korupcije, vladavine zakona, dobrog upravljanja, evropskih integracija, stvaranja poslova, za\u0161tite \u017eivotne sredine, bezbednost i sigurnost, mir i pomirenje, ljudska prava, nezavisni mediji, kultura i umetnost. Norve\u0161ka pomo\u0107 imala je poseban naglasak na pobolj\u0161anju situacije za manjine, \u017eene i mlade.<\/p>\n<p>Danas je norve\u0161ka razvojna pomo\u0107 Kosovu usmerena na podru\u010dja: ekonomskog razvoja, vladavine zakona, evropskih integracija i civilnog dru\u0161tva.<\/p>\n<p><a href=\"https:\/\/eur02.safelinks.protection.outlook.com\/?url=https%3A%2F%2Fwww.norway.no%2Fen%2Fkosovo%2F&amp;data=02%7C01%7CEnisa.Kasemi%40helvetas.org%7C6654445b5d3c4683e6bd08d7c68e21e7%7C060d649d2c9344d28200a3eb9f3c4160%7C0%7C0%7C637196186080708024&amp;sdata=uG%2F9Mak%2B1UaybQvY2O%2B3kbA7418LGHGTvTzeKY8Xi8s%3D&amp;reserved=0\">https:\/\/www.norway.no\/en\/kosovo\/<\/a><\/p>\n<p><a href=\"https:\/\/eur02.safelinks.protection.outlook.com\/?url=https%3A%2F%2Fwww.facebook.com%2FNorwayinKosovo&amp;data=02%7C01%7CEnisa.Kasemi%40helvetas.org%7C6654445b5d3c4683e6bd08d7c68e21e7%7C060d649d2c9344d28200a3eb9f3c4160%7C0%7C0%7C637196186080718022&amp;sdata=ZyzSNPOHDQ31q9kXtDEhI4s1UzPIS0tVHGpsriDGlBc%3D&amp;reserved=0\">https:\/\/www.facebook.com\/NorwayinKosovo<\/a><\/p>\n<p><a href=\"http:\/\/helvetas-ks.org\/demos_two\/wp-content\/uploads\/2020\/03\/Grant-Agreement-.pdf\">Dogovor za grant<\/a><\/p>\n<p>&nbsp;<\/p>\n<hr \/>\n<p>&nbsp;<\/p>\n<p><strong>Partner za Sprovo\u0111enje<\/strong><\/p>\n<p>HELVETAS Swiss Intercooperation je jedna od najiskusnijih i najve\u0107ih razvojnih organizacija u \u0160vajcarskoj. Helvetas te\u017ei pravednom svetu u kojem svaka osoba mo\u017ee ispuniti svoje osnovne potrebe. Podr\u017eavamo \u017eene i mu\u0161karce da preuzmu odgovornost za pobolj\u0161anje svog \u017eivota na odr\u017eiv na\u010din i rade\u0107i zajedno kao partneri.<\/p>\n<p><a href=\"http:\/\/www.helvetas.com\/\">www.helvetas.com<\/a><\/p>\n","protected":false},"excerpt":{"rendered":"<p>Donator \u0160vajcarska agencija za razvoj i saradnju (SDC) je centar nadle\u017enosti za me\u0111unarodnu saradnju \u0161vajcarske vlade. SDC je odgovoran za razvojnu saradnju sa jugom i istokom, multilateralnu saradnju, kao i za humanitarnu pomo\u0107 \u0160vajcarske. Po\u010dev\u0161i od humanitarne pomo\u0107i 1998., saradnja \u0160vajcarske sa Kosovom se sve vi\u0161e preusmeravala na podr\u0161ku tranzicionim [&hellip;]<\/p>\n","protected":false},"author":1,"featured_media":587,"parent":1616,"menu_order":3,"comment_status":"closed","ping_status":"closed","template":"","meta":{"footnotes":""},"class_list":["post-1651","page","type-page","status-publish","has-post-thumbnail","hentry"],"_links":{"self":[{"href":"https:\/\/helvetas-ks.org\/demos_two\/sr\/wp-json\/wp\/v2\/pages\/1651\/"}],"collection":[{"href":"https:\/\/helvetas-ks.org\/demos_two\/sr\/wp-json\/wp\/v2\/pages\/"}],"about":[{"href":"https:\/\/helvetas-ks.org\/demos_two\/sr\/wp-json\/wp\/v2\/types\/page\/"}],"author":[{"embeddable":true,"href":"https:\/\/helvetas-ks.org\/demos_two\/sr\/wp-json\/wp\/v2\/users\/1\/"}],"replies":[{"embeddable":true,"href":"https:\/\/helvetas-ks.org\/demos_two\/sr\/wp-json\/wp\/v2\/comments\/?post=1651"}],"version-history":[{"count":4,"href":"https:\/\/helvetas-ks.org\/demos_two\/sr\/wp-json\/wp\/v2\/pages\/1651\/revisions\/"}],"predecessor-version":[{"id":4734,"href":"https:\/\/helvetas-ks.org\/demos_two\/sr\/wp-json\/wp\/v2\/pages\/1651\/revisions\/4734\/"}],"up":[{"embeddable":true,"href":"https:\/\/helvetas-ks.org\/demos_two\/sr\/wp-json\/wp\/v2\/pages\/1616\/"}],"wp:featuredmedia":[{"embeddable":true,"href":"https:\/\/helvetas-ks.org\/demos_two\/sr\/wp-json\/wp\/v2\/media\/587\/"}],"wp:attachment":[{"href":"https:\/\/helvetas-ks.org\/demos_two\/sr\/wp-json\/wp\/v2\/media\/?parent=1651"}],"curies":[{"name":"wp","href":"https:\/\/api.w.org\/{rel}","templated":true}]}}