{"id":49,"date":"2011-10-10T18:55:40","date_gmt":"2011-10-10T18:55:40","guid":{"rendered":"http:\/\/intercoopkos.org\/wp\/?page_id=49"},"modified":"2013-12-20T08:59:10","modified_gmt":"2013-12-20T08:59:10","slug":"press","status":"publish","type":"page","link":"http:\/\/helvetas-ks.org\/wp\/?page_id=49","title":{"rendered":"Press"},"content":{"rendered":"<table class=\"other\" border=\"0\">\n<tbody>\n<tr>\n<td><a href=\"#dymijetrembedhjet\">2013<\/a><\/td>\n<td><a href=\"#dymijedymbedhjet\">2012<\/a><\/td>\n<\/tr>\n<tr>\n<td><a href=\"#dymijenjembedhjet\">2011<\/a><\/td>\n<td>\u00a0<a href=\"#dymijeedhjet\">2010<\/a><\/td>\n<\/tr>\n<\/tbody>\n<\/table>\n<h6><span style=\"font-size: large;\"><strong><span style=\"text-decoration: underline;\"><span style=\"color: #8b1f25; text-decoration: underline;\"><a name=\"dymijetrembedhjet\"><\/a><span>2013<\/span><\/span><\/span><\/strong><\/span><\/h6>\n<p><strong><a href=\"http:\/\/helvetas-ks.org\/wp\/wp-content\/uploads\/2011\/10\/Takim_pershendetes_i_perfaqesuesve_te_LOGOS.pdf\">Takim p\u00ebrsh\u00ebndet\u00ebs i p\u00ebrfaq\u00ebsuesve t\u00eb LOGOS-it me strukturat komunale<\/a><\/strong><br \/>\n<strong><a href=\"http:\/\/helvetas-ks.org\/wp\/wp-content\/uploads\/2011\/10\/Komuna_e_Novoberdes.pdf\">Komuna e Novob\u00ebrd\u00ebs vler\u00ebson bashk\u00ebpunimin tre vje\u00e7ar me projektin LOGOS<\/a><\/strong><br \/>\n<strong><a href=\"http:\/\/helvetas-ks.org\/wp\/wp-content\/uploads\/2011\/10\/Nxenesit_e_shkoles_fillore_-_Rranillug.pdf\">Nx\u00ebn\u00ebsit e shkoll\u00ebs fillore \u201eTrajko Peric\u201c n\u00eb Ropotov\u00eb t\u00eb madhe kan\u00eb marr\u00eb banka dhe karrige t\u00eb reja<\/a><\/strong><br \/>\n<strong><a href=\"http:\/\/helvetas-ks.org\/wp\/wp-content\/uploads\/2011\/10\/Ndihma_zvicerane_per_komunat_ne_Kosove.pdf\">Ndihma zvicerane p\u00ebr komunat n\u00eb Kosov\u00eb<\/a><\/strong><br \/>\n<strong><a href=\"http:\/\/helvetas-ks.org\/wp\/wp-content\/uploads\/2011\/10\/Zvicra_ndihmon_dy_shkolla_dhe_biblioteken_e_Vitise.pdf\">Zvicra ndihmon dy shkolla dhe biblioteken e Vitise<\/a><\/strong><br \/>\n<strong><a href=\"http:\/\/helvetas-ks.org\/wp\/wp-content\/uploads\/2011\/10\/Schweizer-Hilfe-f\u00fcr-Gemeinden-in-Kosovo.pdf\">Swiss aid for communities in Kosovo<\/a><\/strong><br \/>\n<strong><a href=\"http:\/\/helvetas-ks.org\/wp\/wp-content\/uploads\/2013\/06\/Grate-me-status.pdf\">Gr<\/a><a href=\"http:\/\/helvetas-ks.org\/wp\/wp-content\/uploads\/2013\/06\/Grate-me-status.pdf\">at\u00eb,<\/a><a href=\"http:\/\/helvetas-ks.org\/wp\/wp-content\/uploads\/2013\/06\/Grate-me-status.pdf\"> me<\/a><a href=\"http:\/\/helvetas-ks.org\/wp\/wp-content\/uploads\/2013\/06\/Grate-me-status.pdf\"> stat<\/a><a href=\"http:\/\/helvetas-ks.org\/wp\/wp-content\/uploads\/2013\/06\/Grate-me-status.pdf\">us<\/a><a href=\"http:\/\/helvetas-ks.org\/wp\/wp-content\/uploads\/2013\/06\/Grate-me-status.pdf\">t\u00eb avancuar n\u00eb pun\u00ebsim e planifikim buxheti<\/a><a href=\"http:\/\/helvetas-ks.org\/wp\/wp-content\/uploads\/2013\/06\/Grate-me-status.pdf\"> &#8211;\u00a0<\/a><\/strong><a href=\"http:\/\/helvetas-ks.org\/wp\/wp-content\/uploads\/2013\/06\/Grate-me-status.pdf\"><strong>Koha Ditore, 17.05.2013<\/strong><strong style=\"color: #333333;\"><\/strong><\/a><br \/>\n<strong><a href=\"http:\/\/helvetas-ks.org\/wp\/wp-content\/uploads\/2013\/06\/Isak-Behluli-lider-i-fshatit-Pasjak.pdf\">Isak Behluli lider i fshatit Pasjak -\u00ad\u2010 2LOnline, 14.05.2013<\/a><\/strong><br \/>\n<strong style=\"color: #333333;\"><strong><a href=\"http:\/\/helvetas-ks.org\/wp\/wp-content\/uploads\/2013\/05\/Musmurati-Do-t\u00eb-p\u00ebrkrahen-komunat-n\u00eb-realizimin-e-projekteve.pdf\">Musmurati: Do t\u00eb p\u00ebrkrahen komunat n\u00eb realizimin e projekteve, 23.04.2013<\/a><\/strong><\/strong><br \/>\n<em id=\"__mceDel\"><strong><a href=\"http:\/\/helvetas-ks.org\/wp\/wp-content\/uploads\/2013\/05\/Heqja-e-participimit-qytetar-lehteson-arketimin-e-mjeteve-nga-tatami-ne-prone.png\" target=\"_blank\">Heqja e participimit qytetar leht\u00ebson ark\u00ebtimin e mjeteve nga tatami n\u00eb pron\u00eb \u2013 Koha Ditore, 16.04.2013<\/a><br \/>\n<strong><\/strong><strong><a href=\"http:\/\/helvetas-ks.org\/wp\/wp-content\/uploads\/2013\/05\/LOGOSi-zviceran-rinovon-objektet-e-2-shkollave-te-Vitise.jpg\" target=\"_blank\">\u201cLOGOS\u201d-i zviceran rinovon objektet e 2 shkollave t\u00eb Vitis\u00eb \u2013 Koha Ditore, 13.04.2013<\/a><\/strong><br \/>\n<strong><a href=\"http:\/\/helvetas-ks.org\/wp\/wp-content\/uploads\/2013\/05\/Hani-i-Elezit-behet-me-kryepleq-te-rinj-fshatrash.jpg\" target=\"_blank\">Hani i Elezit b\u00ebhet me kryepleq t\u00eb rinj fshatrash \u2013 Koha Ditore, 10.04.2013<\/a><\/strong><br \/>\n<\/strong><strong><a href=\"http:\/\/helvetas-ks.org\/wp\/wp-content\/uploads\/2013\/05\/OSR-Komunat-kunder-zvogelimit-te-buxhetit.pdf\">Komunat kund\u00ebr zvog\u00eblimit t\u00eb buxhetit t\u00eb tyre nga 10 n\u00eb 8 p\u00ebr qind \u2013 Koha Ditore, 02.04.2013<\/a><\/strong><strong><a href=\"http:\/\/helvetas-ks.org\/wp\/wp-content\/uploads\/2013\/05\/OSR-Komunat-kunder-zvogelimit-te-buxhetit.pdf\"><br \/>\n<\/a><\/strong><strong><a href=\"http:\/\/helvetas-ks.org\/wp\/wp-content\/uploads\/2013\/05\/OSR-Komunat-duan-pavaresi.pdf\">Komunat duan pavar\u00ebsi nga qendra \u2013 Tribuna, 23.03.2013<\/a><\/strong><br \/>\n<strong><a href=\"http:\/\/helvetas-ks.org\/wp\/wp-content\/uploads\/2013\/03\/Komunat-kerkojne-pavaresi-financiare.pdf\" target=\"_blank\">Komunat k\u00ebrkojn\u00eb pavar\u00ebsi financiare \u2013 Z\u00ebri,<\/a> <\/strong>16.03.2013<br \/>\n<strong><a href=\"http:\/\/helvetas-ks.org\/wp\/wp-content\/uploads\/2013\/03\/Kacanikasit-kunder-shpenzimit-te-buxhetit-ne-projekte-luksi.jpg\" target=\"_blank\">Ka\u00e7anikasit, kund\u00ebr shpenzimit t\u00eb buxhetit n\u00eb projekte luksi,<\/a> <\/strong>12.03.2013<br \/>\n<strong><a href=\"http:\/\/www.youtube.com\/watch?v=5o0HgKiTsj8\" target=\"_blank\">Public forum on the municipal budget of Ka\u00e7anik,<\/a> <\/strong>12.03.2013<br \/>\n<em id=\"__mceDel\"><strong><a href=\"http:\/\/helvetas-ks.org\/wp\/wp-content\/uploads\/2013\/03\/Anulohet-vendimi-per-participimin-e-vitiasve-ne-projekte-komunale.jpg\" target=\"_blank\">Anulohet vendimi p\u00ebr participimin e vitiasve n\u00eb projekte komunale,<\/a> <\/strong>28.02.2013<\/em><\/em><\/p>\n<h6><em id=\"__mceDel\"><em id=\"__mceDel\"><span style=\"font-size: large;\"><strong><span style=\"text-decoration: underline;\"><span style=\"color: #8b1f25; text-decoration: underline;\"><a name=\"dymijedymbedhjet\"><\/a><span>2012<\/span><\/span><\/span><\/strong><\/span><\/em><\/em><\/h6>\n<p><strong><a href=\"http:\/\/helvetas-ks.org\/wp\/wp-content\/uploads\/2011\/10\/OSR-Komunat-kamuflojne.pdf\" target=\"_blank\">Komunat kamuflojn\u00eb t\u00eb hyrat vjetore nga tatimi n\u00eb prone \u2013 Koha Ditore<\/a>,\u00a0<\/strong>13.12.2012<br \/>\n<strong><a title=\"Kllokoti me plan p\u00ebr donatore e investitor\u00eb \u2013 Koha Ditore \u2013 13.12.2012\" href=\"http:\/\/helvetas-ks.org\/wp\/wp-content\/uploads\/2011\/10\/SP-Kllokoti-me-plan.jpg\" target=\"_blank\">Kllokoti me plan p\u00ebr donatore e investitor\u00eb \u2013 Koha Ditore<\/a>,\u00a0<\/strong>13.12.2012<br \/>\n<strong><a href=\"http:\/\/helvetas-ks.org\/wp\/wp-content\/uploads\/2011\/10\/SP-Novoberde.pdf\">Plani Zhvillimor Urban, Vler\u00ebsimi Strategjik Mjedisor p\u00ebr zon\u00ebn kadastrale t\u00eb fshatit Bostan &#8211; Novo Brdo\/Novob\u00ebrd\u00eb,<\/a><\/strong>\u00a022.11.2012<br \/>\n<strong><a href=\"http:\/\/helvetas-ks.org\/wp\/wp-content\/uploads\/2011\/10\/GRB-Conference.pdf\">Gender Responsive Budgeting: Challenges and Practices\u201d &#8211; Office of the prime minister<\/a>,\u00a0<\/strong>15.11.2012<br \/>\n<strong><a href=\"http:\/\/helvetas-ks.org\/wp\/wp-content\/uploads\/2011\/10\/Gender-BUXHETIMI-GJINOR.pdf\">Buxhetimi gjinor, sfid\u00eb p\u00ebr institucionet &#8211; Gazeta Express,<\/a><\/strong>\u00a015.11.2012<br \/>\n<strong><a href=\"http:\/\/helvetas-ks.org\/wp\/wp-content\/uploads\/2011\/10\/SP-LOGOS-\u00a1-i-b\u00ebn-Ka\u00e7anikun-dhe-Hanin-e-Elezit-me-rregullore-p\u00ebr-lokalitetet-Koha-Ditore-1-November-2012.pdf\" target=\"_blank\">LOGOS\u00adi i b\u00ebn Ka\u00e7anikun dhe Hanin e Elezit me rregullore p\u00ebr lokalitetet &#8211; Koha Ditore<\/a>,\u00a0<\/strong>01.11.2012<br \/>\n<strong><a href=\"http:\/\/helvetas-ks.org\/wp\/wp-content\/uploads\/2011\/10\/SP-Pijls-Ju-vendosni-si-t\u00eb-jet\u00eb-Ranillugu-pas-dhjet\u00eb-vitesh-2LONLINE-1-November-2012.pdf\">Pijls: Ju vendosni si t\u00eb jet\u00eb Ranillugu pas dhjet\u00eb vitesh &#8211; 2LONLINE<\/a>,\u00a0<\/strong>01.11.2012<br \/>\n<strong><a href=\"http:\/\/helvetas-ks.org\/wp\/wp-content\/uploads\/2011\/10\/SP-Zvicra-e-b\u00ebn-Ka\u00e7anikun-me-Plan-rregullues-urban-Koha-Ditore-16-October-2012.pdf\">Zvicra e b\u00ebn Ka\u00e7anikun me Plan rregullues urban \u2013 Koha Ditore<\/a>,\u00a0<\/strong>16.10.2012<br \/>\n<strong><a href=\"http:\/\/helvetas-ks.org\/wp\/wp-content\/uploads\/2011\/10\/WM-Zvicra-e-pajis-\u00e7do-sht\u00ebpi-t\u00eb-Hanit-t\u00eb-Elezit-me-shporta-b\u00ebrlloku-Koha-Ditore-14-October-2012.pdf\">Zvicra e pajis \u00e7do sht\u00ebpi t\u00eb Hanit t\u00eb Elezit me shporta b\u00ebrlloku \u2013 Koha Ditore<\/a>,\u00a0<\/strong>15.10.2012<br \/>\n<strong><a href=\"http:\/\/helvetas-ks.org\/wp\/wp-content\/uploads\/2011\/10\/WM-Schweiz-Albinfo.pdf\">Schweiz &#8220;beseitigt&#8221; M\u00fcll in Hani i Elezit \u2013 Albinfo.ch<\/a>,<\/strong>\u00a015.10.2012<br \/>\n<strong><a href=\"http:\/\/helvetas-ks.org\/wp\/wp-content\/uploads\/2011\/10\/WM-Kontejner-per-mbeturina-per-cdo-familje-te-Komunes-se-Hanit-te-Elezit.pdf\">Kontejner p\u00ebr mbeturina p\u00ebr \u00e7do familje t\u00eb Komun\u00ebs s\u00eb Hanit t\u00eb Elezit &#8211; Hani i Elezit\/Elez Han<\/a>,<\/strong>\u00a014.10.2012<br \/>\n<strong><a href=\"http:\/\/helvetas-ks.org\/wp\/wp-content\/uploads\/2011\/10\/SP-Mbahet-debat-me-qytetare-per-Planin-Zhvillimor-Komunal.pdf\">Mbahet debat me qytetar\u00eb p\u00ebr Planin Zhvillimor Komunal &#8211; Kamenic\u00eb\/Kamenica<\/a><\/strong>,\u00a010.10.2012<br \/>\n<strong><a href=\"http:\/\/helvetas-ks.org\/wp\/wp-content\/uploads\/2011\/10\/SP-Komuna-e-Novoberdes-.pdf\">Hartimi i Planit Zhvillimor Komunal &#8211; Novo Brdo\/Novob\u00ebrd\u00eb<\/a>,<\/strong>\u00a010.10.2012<br \/>\n<strong><a href=\"http:\/\/helvetas-ks.org\/wp\/wp-content\/uploads\/2011\/10\/OSR-Tatimi-n\u00eb-pron\u00eb-sfidon-pun\u00ebn-e-komunave-qe-12-vjet-Koha-Ditore-september-2012.pdf\">Tatimi n\u00eb pron\u00eb sfidon pun\u00ebn e komunave qe 12 vjet \u2013 Koha Ditore<\/a>,\u00a0<\/strong>28.09.2012<br \/>\n<strong><a href=\"http:\/\/helvetas-ks.org\/wp\/wp-content\/uploads\/2011\/10\/WM-Vitia-b\u00ebhet-me-plan-komunal-p\u00ebr-menaxhim-t\u00eb-mbeturinave-Koha-ditore-21-september-2012.pdf\">Vitia b\u00ebhet me plan komunal p\u00ebr menaxhim t\u00eb mbeturinave &#8211; Koha ditore<\/a>,\u00a0<\/strong>21.09.2012<br \/>\n<strong><a href=\"http:\/\/helvetas-ks.org\/wp\/wp-content\/uploads\/2011\/10\/OSR-Komunat-aktivizohen-ndaj-fsheh\u00ebsve-t\u00eb-pronave-Zeri-15-September-2012.pdf\">Komunat aktivizohen ndaj fsheh\u00ebsve t\u00eb pronave &#8211; Zeri<\/a>,\u00a0<\/strong>15.09.2012<br \/>\n<strong><a href=\"http:\/\/helvetas-ks.org\/wp\/wp-content\/uploads\/2011\/10\/OSR-Komunat-nisin-me-regjistrimin-e-pronave-t\u00eb-paregjistruara-Gazeta-Bota-Sot-10-September-2012.pdf\">Komunat nisin me regjistrimin e pronave t\u00eb paregjistruara \u2013 Gazeta Bota Sot<\/a>,\u00a0<\/strong>10.09.2012<br \/>\n<strong><a href=\"http:\/\/helvetas-ks.org\/wp\/wp-content\/uploads\/2011\/10\/BP-Kamenica-me-investime-t\u00eb-prekshme-zhvillimore-Epoka-Ere-July-2012.pdf\">Kamenica me investime t\u00eb prekshme zhvillimore \u2013 Epoka Ere<\/a>,\u00a0<\/strong>20.07.2012<br \/>\n<strong><a href=\"http:\/\/helvetas-ks.org\/wp\/wp-content\/uploads\/2011\/10\/IF-Vitia-e-Kllokoti-mb\u00ebshteten-nga-organizata-zvicerane-Helvetas-Intercooperation-Koha-Ditore-10-June-2012.pdf\">Vitia e Kllokoti mb\u00ebshteten nga organizata zvicerane \u201cHelvetas Intercooperation\u201d \u2013 Koha Ditore<\/a>,\u00a0<\/strong>10.06.2012<br \/>\n<strong><a href=\"http:\/\/helvetas-ks.org\/logos\/press\/Basri Musmurati merr pjese ne takimin e peste drejtues te Logos-it.pdf\" target=\"_blank\">Z\u00ebvend\u00ebsministri i MAPL-s\u00eb, Basri Musmurati merr pjes\u00eb n\u00eb takimin e pest\u00eb drejtues t\u00eb LOGOS-it<\/a><\/strong>,\u00a021.03.2012<br \/>\n<a href=\"http:\/\/helvetas-ks.org\/logos\/press\/Odr_an peti sastanak upravnog odbora _vajcarsko-kosovska podr_ka za Lokalnu samoupravu I decentralizaciju (LOGOS) druga faza - 20.03.2012.pdf\" target=\"_blank\"><strong>Odr\u017ean peti sastanak<\/strong><strong>\u00a0<\/strong><\/a><strong><a href=\"http:\/\/helvetas-ks.org\/logos\/press\/Odr_an peti sastanak upravnog odbora _vajcarsko-kosovska podr_ka za Lokalnu samoupravu I decentralizaciju (LOGOS) druga faza - 20.03.2012.pdf\" target=\"_blank\">upravnog odbora \u0160vajcarsko-kosovska podr\u0161ka za Lokalnu samoupravu I decentralizaciju (LOGOS) druga\u00a0faza<\/a><\/strong>, 20.03.2012<br \/>\n<a href=\"http:\/\/helvetas-ks.org\/logos\/press\/11.02.2012.pdf\" target=\"_blank\"><strong>Ka<\/strong><strong>\u00e7anikasit duan transparenc<\/strong><strong>\u00eb m\u00eb t\u00eb madhe p\u00ebr tender\u00ebt<\/strong><\/a>, 11.02.2012<br \/>\n<strong><a href=\"http:\/\/helvetas-ks.org\/logos\/press\/10.02.2012.pdf\">Komuna debaton me qytetar\u00ebt ekzekutimin e buxhetit t\u00eb vitit 2011<\/a>,\u00a0<\/strong>10.2.2012<br \/>\n<a href=\"http:\/\/helvetas-ks.org\/logos\/press\/Helvetas - 17 Millionen Euro Hilfsgelder f\u00fcr die Kosovaren - albinfo.ch - 30.01.2012.pdf\" target=\"_blank\"><strong>Helvetas: 17 Millionen Euro Hilfsgelder f<\/strong><strong>\u00fc<\/strong><\/a><strong><a href=\"http:\/\/helvetas-ks.org\/logos\/press\/Helvetas - 17 Millionen Euro Hilfsgelder f\u00fcr die Kosovaren - albinfo.ch - 30.01.2012.pdf\" target=\"_blank\">r die Kosovaren,<\/a>\u00a0<\/strong>\u00a030.01.2012<br \/>\n<strong><a href=\"http:\/\/helvetas-ks.org\/logos\/press\/Ndihma zvicerane  - Tribuna - 27.01.2012.jpg\" target=\"_blank\">Ndihma zvicerane<\/a>,\u00a0<\/strong>27.01.2012<br \/>\n<a href=\"http:\/\/helvetas-ks.org\/logos\/press\/Helvetas - 17 milione euro ndihma per kosovaret, Koha Ditore, 26.01.2012.pdf\" target=\"_blank\"><strong>\u201cHelvetas\u201d: 17 milion\u00eb euro ndihma p\u00ebr kosovar\u00ebt<\/strong><\/a>, \u00a026.01.2012<br \/>\n<strong><a href=\"http:\/\/helvetas-ks.org\/logos\/press\/Planet e demshme te Qeverise - Zeri - 15.01.2011.pdf\">Planet e d\u00ebmshme t\u00eb Qeveris\u00eb<\/a>,\u00a0<\/strong>15.01.2012<br \/>\n<strong><a href=\"http:\/\/helvetas-ks.org\/wp\/wp-content\/uploads\/2011\/10\/SP-Kamenica-miraton-Planin-Koha-Ditore-9-january.jpg\" target=\"_blank\">Kamenica miraton Planin Rregullues Urban \u2013 Koha Ditore<\/a>,\u00a0<\/strong>09.01.2012<br \/>\n<strong><a href=\"http:\/\/helvetas-ks.org\/logos\/press\/13.01.2012.pdf\">Nd\u00ebrmarrjet shoq\u00ebrore t\u00eb Vitis\u00eb borxhlinjt\u00eb m\u00eb t\u00eb m\u00ebdhenj t\u00eb Komun\u00ebs<\/a>,\u00a0<\/strong>13.01.2012<\/p>\n<h6><span style=\"font-size: large;\"><strong><span style=\"text-decoration: underline;\"><span style=\"color: #8b1f25; text-decoration: underline;\"><a name=\"dymijenjembedhjet\"><\/a>2011<\/span><\/span><\/strong><\/span><\/h6>\n<p><strong><a href=\"http:\/\/helvetas-ks.org\/logos\/press\/Grate dhe trashegimia, albinfo, 20.12.2011.pdf\" target=\"_blank\">Grat\u00eb dhe trash\u00ebgimia<\/a>,\u00a0<\/strong>20.12.2011<br \/>\n<strong><a href=\"http:\/\/helvetas-ks.org\/wp\/wp-content\/uploads\/2011\/10\/IF-P\u00ebrurohen-dy-projekte-infrastrukturore-Website-Komuna-e-Kacanikut-28-November-2011.pdf\">P\u00ebrurohen dy projekte infrastrukturore &#8211; Website Ka\u00e7anik\/Ka\u010danik<\/a>,\u00a0<\/strong>28.11.2011<br \/>\n<strong><a href=\"http:\/\/helvetas-ks.org\/logos\/press\/Perurohen dy projekte infrastrukturore - 28 nentor 2011 - KA.pdf\" target=\"_blank\">P\u00ebrurohen dy projekte infrastrukturore<\/a>,\u00a0<\/strong>28.11.2011<br \/>\n<strong><a href=\"http:\/\/helvetas-ks.org\/wp\/wp-content\/uploads\/2011\/10\/IF-Vitia-merr-pamje-tjet\u00ebr-Website-Viti-26-November-2011.pdf\">Vitia merr pamje tjet\u00ebr &#8211; Website Viti\/Vitina<\/a>,\u00a0<\/strong>26.11.2011<br \/>\n<strong><a href=\"http:\/\/helvetas-ks.org\/logos\/press\/Odr\u017eana javna debata o Razvojnom planu op\u0161tine \u0160trpce - ST - 24.11.2011.pdf\" target=\"_blank\">Odr\u017eana javna debata o Razvojnom planu op\u0161tine \u0160trpce<\/a>,\u00a0<\/strong>24.11.2011<br \/>\n<strong><a href=\"http:\/\/helvetas-ks.org\/logos\/press\/Plani zhvillimor komunal dokument baz\u00eb n\u00eb zhvillimin e Komun\u00ebs - NB - 18.11.2011.pdf\" target=\"_blank\">Plani zhvillimor komunal dokument baz\u00eb n\u00eb zhvillimin e Komun\u00ebs<\/a>,\u00a0<\/strong>18.11.2011<br \/>\n<strong><a href=\"http:\/\/helvetas-ks.org\/logos\/press\/Kamenica p\u00ebrcakton prioritetet p\u00ebr zhillim urban Bota Sot 17.11.2011.pdf\" target=\"_blank\">Kamenica p\u00ebrcakton prioritetet p\u00ebr zhillim urban<\/a>,\u00a0<\/strong>17.11.2011<br \/>\n<strong><a href=\"http:\/\/helvetas-ks.org\/logos\/press\/Mbahet Debat p\u00ebr Planin Rregullues Urban t\u00eb Ka\u00e7anikut - KA - 16.11.2011.pdf\" target=\"_blank\">Mbahet Debat p\u00ebr Planin Rregullues Urban t\u00eb Ka\u00e7anikut<\/a>,\u00a0<\/strong>16.11.2011<br \/>\n<strong><a href=\"http:\/\/helvetas-ks.org\/logos\/press\/Plani zhvillimor komunal dokument baz\u00eb n\u00eb zhvillimin e komun\u00ebs -KK - 14.11.2011.pdf\" target=\"_blank\">Plani zhvillimor komunal dokument baz\u00eb n\u00eb zhvillimin e komun\u00ebs<\/a>,\u00a0<\/strong>14.11.2011<br \/>\n<strong><a href=\"http:\/\/helvetas-ks.org\/logos\/press\/Zeriinfo_OSR_Allocation of budget grants from central level_13.11.2011.pdf\" target=\"_blank\"><strong>Pasojat e procesit buxhetor<\/strong><\/a>,\u00a0<\/strong>13.11.2011<br \/>\n<strong><a href=\"http:\/\/www.2lonline.com\/index.php?option=com_content&amp;view=article&amp;id=4105:barazia-gjinore-objektiv-i-shoqerise&amp;catid=71:sociale&amp;Itemid=400\" target=\"_blank\">Barazia gjinore objektiv i shoq\u00ebris\u00eb<\/a>,\u00a0<\/strong>9.11.2011<br \/>\n<strong><a href=\"http:\/\/helvetas-ks.org\/logos\/press\/Zvicra investon ne fuqizimin e grave ka\u00e7anikas ne vendimmarrje, Koha Ditore, 7.11.2011.pdf\" target=\"_blank\">Zvicra investon n\u00eb fuqizimin e grave ka\u00e7anikas n\u00eb vendimmarrje<\/a>, <\/strong>7.11.2011<br \/>\n<a href=\"http:\/\/helvetas-ks.org\/logos\/press\/LOGOS-i%20I%20alokon%2081%20mij%C3%AB%20euro%20p%C3%ABr%209%20kommuna,%20KD,%2003.11.2011.pdf\" target=\"_blank\"><strong>LOGOS-i I alokon 81 mij<\/strong><strong>\u00eb euro p\u00ebr 9 kommuna<\/strong><\/a>,\u00a003.11.2011<br \/>\n<strong><a href=\"http:\/\/helvetas-ks.org\/logos\/press\/Komuna Hani Elezit - LOGOS mb\u00ebshtet komunat e Kosoves jug-lindore n\u00eb barazi gjinore dhe informim publik.pdf\" target=\"_blank\">LOGOS mb\u00ebshtet komunat e Kosov\u00ebs jug-lindore n\u00eb barazi gjinore dhe informim public<\/a>,\u00a0<\/strong>2.11.2011<br \/>\n<strong><a href=\"http:\/\/www.zeri.info\/artikulli\/2\/8\/36846\/komunat-duan-kompetenca\/\" target=\"_blank\">Komunat duan kompetenca<\/a>,\u00a0<\/strong>23.10.2011<br \/>\n<strong><a href=\"http:\/\/helvetas-ks.org\/logos\/press\/Info press - 20 Sept 2011.pdf\" target=\"_blank\">T\u00eb k\u00ebnaqura me mb\u00ebshtetjen e projektit LOGOS<\/a>,\u00a0<\/strong>20.09.2011<br \/>\n<strong><a href=\"http:\/\/kk.rks-gov.net\/hanielezit\/News\/Advertisement\/Vitia-dhe-Hani-i-Elezit-me-plane-per-menaxhim-te-m.aspx\" target=\"_blank\">Vitia dhe Hani i Elezit me plane p\u00ebr menaxhim t\u00eb mbeturinave<\/a>,\u00a0<\/strong>12.07.2011<br \/>\n<strong><a href=\"http:\/\/kk.rks-gov.net\/novoberde\/News\/7-korrik.aspx\" target=\"_blank\">LOGOS ndihmon komun\u00ebn e Novob\u00ebrd\u00ebs \u00a0n\u00eb regjistrimin e pronave t\u00eb pa regjistruara<\/a>,\u00a0<\/strong>7.07.2011<br \/>\n<strong><a href=\"http:\/\/helvetas-ks.org\/logos\/press\/Koha%20Ditore%20-%2019%20June%202011%20-%20Propert%20registration%20in%20Kacaniku.pdf\" target=\"_blank\">Nis registrimi i objekteve t\u00eb paregjistruara<\/a>,\u00a0<\/strong>19.06.2011<br \/>\n<strong><a href=\"http:\/\/helvetas-ks.org\/logos\/press\/Koha%20Ditore%20-%2016%20June%20-%20Property%20Registration.pdf\" target=\"_blank\">N\u00eb kat\u00ebr komuna nis registrimi i pronave t\u00eb paregjistruara<\/a>,\u00a0<\/strong>16.06.2011<br \/>\n<strong><a href=\"http:\/\/helvetas-ks.org\/logos\/press\/Koha%20Ditore%20-%20Hani%20Elezit.10.05.2011.pdf\">Zvicra i investon 40 mij\u00eb euro n\u00eb shkolla t\u00eb Hanit t\u00eb Elezit<\/a>,\u00a0<\/strong>10.05.2011<br \/>\n<strong><a href=\"http:\/\/helvetas-ks.org\/logos\/press\/Koha%20Ditore%20-%207%20Mai%202011%20-%20Kacaniku.pdf\">Qeveria zvicerane financon ur\u00ebn e re q\u00eb lidh dy pjes\u00ebt e Ka\u00e7anikut<\/a>,\u00a0<\/strong>7.05.2011<br \/>\n<a href=\"http:\/\/helvetas-ks.org\/logos\/press\/Koha%20Ditore%20-%206%20May%202011%20-%20Investment%20Fund.pdf\" target=\"_blank\"><strong>Qeveria zvicerane financon disa projekte infrastructurore t<\/strong><\/a><strong><a href=\"http:\/\/helvetas-ks.org\/logos\/press\/Koha%20Ditore%20-%206%20May%202011%20-%20Investment%20Fund.pdf\">\u00eb 6 komunave<\/a>,\u00a0<\/strong>6.05.2011<br \/>\n<strong><a href=\"http:\/\/www.albinfo.ch\/ch-ballkani\/aktuale\/kamenica-me-vizion-zhvillimor-dhe-urban-modern-17851\" target=\"_blank\">Kamenica me vision zhvillimor dhe urban modern<\/a>,\u00a0<\/strong>24.03.2011<br \/>\n<strong><a href=\"http:\/\/www.swissinfo.ch\/eng\/specials\/kosovo\/New_nation_suffers_legacy_of_the_past_.html?cid=29503148\" target=\"_blank\">Nation suffers legacy from the past, by Julie Hunt<\/a>,\u00a0<\/strong>17.02.2011<br \/>\n<strong><a href=\"http:\/\/www.albinfo.ch\/fr\/ch-balkans\/actuel\/les-municipalit%C3%A9s-du-kosovo-%C3%A0-la-rencontre-des-exp%C3%A9riences-croates-13246\" target=\"_blank\">Les municipalit\u00e9s du Kosovo \u00e0 la rencontre des exp\u00e9riences croates<\/a>,\u00a0<\/strong>8.02.2011<br \/>\n<a href=\"http:\/\/www.albinfo.ch\/ch-ballkani\/aktuale\/komunat-e-kosov%C3%ABs-marrin-p%C3%ABrvoj%C3%AB-nga-kroat%C3%ABt-12466\" target=\"_blank\"><strong>Komunat e Kosov\u00ebs marrin p\u00ebrvoj\u00eb nga kroat\u00ebt<\/strong>,<strong>\u00a0Xhevdet Kallaba<\/strong><\/a>,\u00a08.02.2011<\/p>\n<h6><strong><a name=\"dymijeedhjet\"><\/a><span style=\"font-size: large;\">2010<\/span><\/strong><\/h6>\n<p><strong><a href=\"http:\/\/www.albinfo.ch\/fr\/ch-balkans\/actuel\/la-suisse-%C3%A9paule-la-commune-de-ka%C3%A7anik-8150\" target=\"_blank\">La Suisse \u00e9paule la commune de Ka\u00e7anik<\/a>,\u00a0<\/strong>20.12.2010<br \/>\n<strong><a href=\"http:\/\/www.koha.net\/index.php?cid=1,22,43993\" target=\"_blank\">Zvicra ndihmon Ka\u00e7anikun p\u00ebr planin rregullues<\/a>,\u00a0<\/strong>19.12.2010<br \/>\n<strong><a href=\"http:\/\/www.koha.net\/index.php?cid=1,8,8860\" target=\"_blank\">Qeveria zvicerane ndihmon shtat\u00eb komuna t\u00eb Kosov\u00ebs<\/a>,\u00a0<\/strong>17.01.2010<\/p>\n<p><strong><br \/>\nAcademic Journal :<br \/>\n<\/strong><br \/>\n<strong>Sabine Piccard, L&#8217;Aide Suisse au D\u00e9veloppement \u00e0 l&#8217;Epreuve du Processus de D\u00e9centralisation au Kosovo<\/strong>, in : Revue Internationale de Politique de D\u00e9veloppement, Institut de Hautes Etudes Internationales et de D\u00e9veloppement, Gen\u00e8ve,\u00a0<a href=\"http:\/\/poldev.revues.org\/358\" target=\"_blank\">Click here<\/a><\/p>\n","protected":false},"excerpt":{"rendered":"<p>2013 2012 2011 \u00a02010 2013 Takim p\u00ebrsh\u00ebndet\u00ebs i p\u00ebrfaq\u00ebsuesve t\u00eb LOGOS-it me strukturat komunale Komuna e Novob\u00ebrd\u00ebs vler\u00ebson bashk\u00ebpunimin tre vje\u00e7ar me projektin LOGOS Nx\u00ebn\u00ebsit e shkoll\u00ebs fillore \u201eTrajko Peric\u201c n\u00eb Ropotov\u00eb t\u00eb madhe kan\u00eb marr\u00eb banka dhe karrige t\u00eb reja Ndihma zvicerane p\u00ebr komunat n\u00eb Kosov\u00eb Zvicra ndihmon dy shkolla dhe biblioteken e Vitise [&hellip;]<\/p>\n","protected":false},"author":4,"featured_media":0,"parent":42,"menu_order":0,"comment_status":"open","ping_status":"open","template":"specialpage.php","meta":{"footnotes":""},"class_list":["post-49","page","type-page","status-publish","hentry"],"_links":{"self":[{"href":"http:\/\/helvetas-ks.org\/wp\/index.php?rest_route=\/wp\/v2\/pages\/49"}],"collection":[{"href":"http:\/\/helvetas-ks.org\/wp\/index.php?rest_route=\/wp\/v2\/pages"}],"about":[{"href":"http:\/\/helvetas-ks.org\/wp\/index.php?rest_route=\/wp\/v2\/types\/page"}],"author":[{"embeddable":true,"href":"http:\/\/helvetas-ks.org\/wp\/index.php?rest_route=\/wp\/v2\/users\/4"}],"replies":[{"embeddable":true,"href":"http:\/\/helvetas-ks.org\/wp\/index.php?rest_route=%2Fwp%2Fv2%2Fcomments&post=49"}],"version-history":[{"count":114,"href":"http:\/\/helvetas-ks.org\/wp\/index.php?rest_route=\/wp\/v2\/pages\/49\/revisions"}],"predecessor-version":[{"id":2106,"href":"http:\/\/helvetas-ks.org\/wp\/index.php?rest_route=\/wp\/v2\/pages\/49\/revisions\/2106"}],"up":[{"embeddable":true,"href":"http:\/\/helvetas-ks.org\/wp\/index.php?rest_route=\/wp\/v2\/pages\/42"}],"wp:attachment":[{"href":"http:\/\/helvetas-ks.org\/wp\/index.php?rest_route=%2Fwp%2Fv2%2Fmedia&parent=49"}],"curies":[{"name":"wp","href":"https:\/\/api.w.org\/{rel}","templated":true}]}}